{"id":9551,"date":"2017-11-30T17:14:07","date_gmt":"2017-11-30T15:14:07","guid":{"rendered":"https:\/\/www.igbce-blogs.de\/aufgeweckte-alte\/?page_id=9551"},"modified":"2017-12-19T14:33:33","modified_gmt":"2017-12-19T12:33:33","slug":"adventskaffee-2017","status":"publish","type":"page","link":"https:\/\/www.igbce-blogs.de\/aufgeweckte-alte\/?page_id=9551","title":{"rendered":"ADVENTSKAFFEE 2017"},"content":{"rendered":"<h4><span style=\"color: #000000;\"><strong><span style=\"color: #000000;\">Einladung nach H\u00f6chst zum ADVENTSKAFFEE 2017!<\/span> <\/strong><\/span><\/h4>\nngg_shortcode_0_placeholder\n<p><span style=\"color: #000000;\">Liebe \u201eAufgeweckte Alte\u201c, Kolleginnen und Kollegen, <\/span><br \/>\n<span style=\"color: #000000;\"> auch dieses Jahr geht schon wieder dem Ende entgegen! <\/span><br \/>\n<span style=\"color: #000000;\">Das Jahr im Kreis der \u201eAufgeweckten Alten\u201c war reichlich gef\u00fcllt.<br \/>\n<\/span><span style=\"color: #000000;\">Man hat sich weiter kennengelernt und neue Kontakte gekn\u00fcpft.<br \/>\nWir haben wieder sch\u00f6ne Stunden verbracht und viel Neues gesehen.<\/span><\/p>\n<p><span style=\"color: #000000;\">Heute Nachmittag am 22. November, haben wir uns dar\u00fcber beim Adventskaffee ausgetauscht und das neue Programm 2018 vorgestellt. Fragen dazu sind herzlich willkommen.<\/span><\/p>\n<p><span style=\"color: #000000;\">Kaffee \u2013 Kuchen \u2013 Geb\u00e4ck mit vorweihnachtlicher Stimmung war f\u00fcr Euch vorbereitet. <\/span><\/p>\n<p><span style=\"color: #000000;\"> Wir freuen uns auf Euch in gem\u00fctlicher Runde!<\/span><br \/>\n<span style=\"color: #000000;\"><strong>P.S.<\/strong> Helfende H\u00e4nde waren herzlich willkommen ab 13:00 Uhr.<br \/>\nBesonderen DANK an&nbsp; die <\/span><span style=\"color: #000000;\">Vielen, die diesesmal mitgeholfen haben!<\/span><\/p>\n<p>&nbsp;<\/p>\n<h4><span style=\"color: #000000;\"><strong>Das Jahr 2017 mit den <\/strong><strong>\u201eAufgeweckten Alten\u201c<\/strong><\/span><\/h4>\n<ul>\n<li>\n<h5><span style=\"color: #000000;\">Im Januar 2017 waren wir im <a href=\"http:\/\/www.staedelmuseum.de\/de\/das-staedel-museum\">Frankfurter ST\u00c4DEL<\/a> zur Sonderausstellung \u201eKampf der Geschlechter\u201c. <\/span><\/h5>\n<\/li>\n<li>\n<h5><span style=\"color: #000000;\"><span style=\"color: #000000;\">Am 8. M\u00e4rz 2017 hatten wir dann unseren beliebten <a href=\"https:\/\/www.igbce-blogs.de\/aufgeweckte-alte\/?page_id=7572\">Kreppelkaffee im Pfarrheim Josef, Frankfurt-H\u00f6chst<\/a>.<\/span><\/span>&nbsp;<\/h5>\n<\/li>\n<li>\n<h5><span style=\"color: #000000;\">Der 29. M\u00e4rz 2017 war ein wundersch\u00f6ner Tag <\/span> <span style=\"color: #000000;\"><span style=\"color: #000000;\"> mit <a href=\"https:\/\/www.igbce-blogs.de\/aufgeweckte-alte\/?page_id=7675\">F\u00fchrungen in Gelnhausen, B\u00fcdingen und einem Erlebnisbesuch auf der Ronneburg<\/a>.<\/span><\/span>&nbsp;<\/h5>\n<\/li>\n<li>\n<h5><span style=\"color: #000000;\"><span style=\"color: #000000;\">Am 4. Mai 2017: Besuchten wir die mittelalterliche <a href=\"https:\/\/www.igbce-blogs.de\/aufgeweckte-alte\/?page_id=7740\">Stadt Rothenburg ob der Tauber mit der Jakobskirche und einer Stadtf\u00fchrung bei Kaiserwetter<\/a>.<\/span><\/span>&nbsp;<\/h5>\n<\/li>\n<li>\n<h5><span style=\"color: #000000;\"><span style=\"color: #000000;\">Der Rundgang auf dem <a href=\"https:\/\/www.hessentag2017.de\/allgemeines.html\">Hessentag in R\u00fcsselheim<\/a> mu\u00dfte mangels Beteiligung leider ausfallen.<\/span><\/span>&nbsp;<\/h5>\n<\/li>\n<li>\n<h5><span style=\"color: #000000;\"><span style=\"color: #000000;\"><a href=\"https:\/\/www.bodensee.de\/ausflugsziele\">Vom 17. bis 21. September hatten wir sch\u00f6ne Tage am Bodensee! <\/a>Mit einer F\u00e4hrfahrt von <a href=\"https:\/\/www.bodensee.de\/ausflugsziele\/burg-meersburg\">Meersburg<\/a> nach <a href=\"https:\/\/www.bodensee.de\/ausflugsziele\/imperia-konstanz\">Konstanz<\/a>, ging es dann weiter zur <a href=\"https:\/\/www.bodensee.de\/ausflugsziele\/insel-mainau\">Insel Mainau<\/a>. Durch die Schweiz mit Appenzell und dem <a href=\"https:\/\/de.wikipedia.org\/wiki\/Appenzellerland\">Appenzellerland<\/a> bis nach <a href=\"http:\/\/www.tourismus.steinamrhein.ch\/de\/\">Stein am Rhein<\/a>; eine F\u00fchrung durch die <a href=\"http:\/\/www.lindau.de\/\">Inselstadt Lindau<\/a>; zum <a href=\"https:\/\/www.bodensee.de\/ausflugsziele\/zeppelin-museum-friedrichshafen\">Zeppelinmuseum in Friedrichshafen<\/a> und dann eine <a href=\"http:\/\/www.bsb.de\/de\/\">Schifffahrt nach Bregenz<\/a> mit Kaffee und Kuchen. Auf der <a href=\"http:\/\/www.rheinfall.ch\/de\/\">R\u00fcckreise zwei Stunden am Rheinfall von Schaffhausen<\/a>.<\/span><\/span>&nbsp;<\/h5>\n<\/li>\n<li>\n<h5><span style=\"color: #000000;\"><span style=\"color: #000000;\">Im Oktober 2017: Folgte die <a href=\"http:\/\/www.limburg.de\/Tourismus\/Limburg-individuell-erkunden\">Tagesfahrt nach Limburg<\/a> mit Abschlu\u00df in der <a href=\"https:\/\/www.tripadvisor.de\/Tourism-g644198-Bad_Ems_Rhineland_Palatinate-Vacations.html\">Kurstadt Bad Ems an der Lahn<\/a>.<\/span><\/span>&nbsp;<\/h5>\n<\/li>\n<li>\n<h5><span style=\"color: #000000;\"><a href=\"https:\/\/www.igbce-blogs.de\/aufgeweckte-alte\/?page_id=9551\">Heute beim Adventskaffee wollen wir uns dar\u00fcber austauschen und das neue Programm 2018 anschauen<\/a>. <\/span><\/h5>\n<\/li>\n<\/ul>\n<h3><span style=\"color: #0000ff;\"><em>****************************************<\/em><\/span><\/h3>\n<h3><span style=\"color: #0000ff;\"><em>Wir freuen uns auf Euch alle, die<br \/>\nAKTIVEN \u201eAufgeweckten Alten\u201c!<\/em><\/span><\/h3>\n<h3><span style=\"color: #0000ff;\"><em>****************************************<\/em><\/span><\/h3>\n<h4><strong><span style=\"color: #000000;\">Zur <\/span><a title=\"NEUES mit Tagesfahrten &amp; Bodensee!\" href=\"https:\/\/www.igbce-blogs.de\/aufgeweckte-alte\/?page_id=7409\" target=\"_blank\" rel=\"noopener\">\u00dcbersicht 2017<\/a><\/strong><\/h4>\n<h3 style=\"text-align: left;\"><span style=\"color: #000000;\"><span style=\"color: #000000;\">Zur<\/span> <\/span><a href=\"https:\/\/www.igbce-blogs.de\/aufgeweckte-alte\/\" target=\"_blank\" rel=\"noopener\">Startseite<\/a><\/h3>\n<p style=\"text-align: center; padding-left: 30px;\">&nbsp;<\/p>\nRelated Images:","protected":false},"excerpt":{"rendered":"<p>Einladung nach H\u00f6chst zum ADVENTSKAFFEE 2017! Liebe \u201eAufgeweckte Alte\u201c, Kolleginnen und Kollegen, auch dieses Jahr geht schon wieder dem Ende entgegen! Das Jahr im Kreis der \u201eAufgeweckten Alten\u201c war reichlich gef\u00fcllt. Man hat sich weiter kennengelernt und neue Kontakte gekn\u00fcpft. Wir haben wieder sch\u00f6ne Stunden verbracht und viel Neues gesehen. Heute Nachmittag am 22. November, [&hellip;]<\/p>\n","protected":false},"author":3,"featured_media":0,"parent":7409,"menu_order":8,"comment_status":"closed","ping_status":"closed","template":"tagcloud.php","meta":{"ngg_post_thumbnail":0,"footnotes":""},"class_list":["post-9551","page","type-page","status-publish","hentry"],"_links":{"self":[{"href":"https:\/\/www.igbce-blogs.de\/aufgeweckte-alte\/index.php?rest_route=\/wp\/v2\/pages\/9551","targetHints":{"allow":["GET"]}}],"collection":[{"href":"https:\/\/www.igbce-blogs.de\/aufgeweckte-alte\/index.php?rest_route=\/wp\/v2\/pages"}],"about":[{"href":"https:\/\/www.igbce-blogs.de\/aufgeweckte-alte\/index.php?rest_route=\/wp\/v2\/types\/page"}],"author":[{"embeddable":true,"href":"https:\/\/www.igbce-blogs.de\/aufgeweckte-alte\/index.php?rest_route=\/wp\/v2\/users\/3"}],"replies":[{"embeddable":true,"href":"https:\/\/www.igbce-blogs.de\/aufgeweckte-alte\/index.php?rest_route=%2Fwp%2Fv2%2Fcomments&post=9551"}],"version-history":[{"count":33,"href":"https:\/\/www.igbce-blogs.de\/aufgeweckte-alte\/index.php?rest_route=\/wp\/v2\/pages\/9551\/revisions"}],"predecessor-version":[{"id":9941,"href":"https:\/\/www.igbce-blogs.de\/aufgeweckte-alte\/index.php?rest_route=\/wp\/v2\/pages\/9551\/revisions\/9941"}],"up":[{"embeddable":true,"href":"https:\/\/www.igbce-blogs.de\/aufgeweckte-alte\/index.php?rest_route=\/wp\/v2\/pages\/7409"}],"wp:attachment":[{"href":"https:\/\/www.igbce-blogs.de\/aufgeweckte-alte\/index.php?rest_route=%2Fwp%2Fv2%2Fmedia&parent=9551"}],"curies":[{"name":"wp","href":"https:\/\/api.w.org\/{rel}","templated":true}]}}