{"id":70,"date":"2010-04-07T16:57:48","date_gmt":"2010-04-07T15:57:48","guid":{"rendered":"http:\/\/www.igbce-blogs.de:80\/aufgeweckte-alte\/?page_id=70"},"modified":"2023-10-05T17:46:05","modified_gmt":"2023-10-05T15:46:05","slug":"kreppel-kaffee","status":"publish","type":"page","link":"https:\/\/www.igbce-blogs.de\/aufgeweckte-alte\/?page_id=70","title":{"rendered":"Unser Kreppel-Kaffee Feb 2010"},"content":{"rendered":"<h4 style=\"text-align: center;\"><span style=\"color: #333333;\"><br \/>\nAm <span style=\"color: #000000;\">Mittwoch, den 10. Februar 2010, ab 14:00 Uhr<\/span><\/span><strong><span style=\"color: #000000;\"><br \/>\ntrafen wir uns zusammen bei der IG BCE,<br \/>\nGeb\u00e4ude D 811 in Frankfurt-H\u00f6chst.<\/span><\/strong><em><strong><span style=\"color: #000000;\"><br \/>\n<\/span><\/strong><\/em><\/h4>\n<div>&nbsp;<\/div>\n<h5 style=\"text-align: center;\"><span style=\"color: #000000;\">Wir hatten eingeladen&nbsp;zu unserer ersten Veranstaltung.<br \/>\nEin gem\u00fctliches Beisammensein zum Kennenlernen mit vielen<br \/>\nIdeen und Vorschl\u00e4gen f\u00fcr weitere Aktivit\u00e4ten aus diesem Kreis. <\/span><\/h5>\n<div>&nbsp;<\/div>\n<div style=\"text-align: center;\">\n<h5 style=\"text-align: center;\"><span style=\"color: #000000;\">Peter&nbsp;zeigte einen Beitrag zum Heinrich-Imbusch-Haus<br \/>\nauf der Rosenau bei K\u00f6nigswinter am Rhein<br \/>\naus dem Jahr 2008.Dauer ca. 90 Minuten.<\/span><\/h5>\n<\/div>\n<h2 style=\"text-align: center;\">&nbsp;<\/h2>\n<h2 style=\"text-align: center;\"><a title=\"LINK zur WEBSEITE Heinrich-Imbusch-Haus\" href=\"https:\/\/heinrich-imbusch.igbce.de\/heinrich-imbusch-start\" target=\"_blank\" rel=\"noopener\"><span style=\"color: #339966;\">Das Heinrich-Imbusch-Haus auf der Rosenau<br \/>\nmit ganz neuen Bildern von<br \/>\nunserem Besuch am 6. Juli 2022.<\/span><\/a><\/h2>\n<p style=\"text-align: center;\"><a href=\"http:\/\/www.igbce-blogs.de:80\/aufgeweckte-alte\/wp-content\/uploads\/\/2010\/02\/das-heinrich-imbusch-haus-als-senioreneinrichtung-ist-einzigartig.jpg\"><img loading=\"lazy\" decoding=\"async\" class=\"alignnone wp-image-15902\" src=\"http:\/\/www.igbce-blogs.de:80\/aufgeweckte-alte\/wp-content\/uploads\/\/2022\/09\/04HausRosenau0038-480x360.jpg\" alt=\"\" width=\"600\" height=\"450\"\/><\/a><a href=\"http:\/\/www.igbce-blogs.de:80\/aufgeweckte-alte\/wp-content\/uploads\/\/2010\/02\/das-heinrich-imbusch-haus-als-senioreneinrichtung-ist-einzigartig.jpg\"><img loading=\"lazy\" decoding=\"async\" class=\"alignnone wp-image-15901\" src=\"http:\/\/www.igbce-blogs.de:80\/aufgeweckte-alte\/wp-content\/uploads\/\/2022\/09\/03HausRosenau0038-480x360.jpg\" alt=\"\" width=\"600\" height=\"450\"\/><\/a><a href=\"http:\/\/www.igbce-blogs.de:80\/aufgeweckte-alte\/wp-content\/uploads\/\/2010\/02\/das-heinrich-imbusch-haus-als-senioreneinrichtung-ist-einzigartig.jpg\"><img loading=\"lazy\" decoding=\"async\" class=\"alignnone wp-image-15900\" src=\"http:\/\/www.igbce-blogs.de:80\/aufgeweckte-alte\/wp-content\/uploads\/\/2022\/09\/02HausRosenau0038-480x360.jpg\" alt=\"\" width=\"600\" height=\"450\"\/><\/a><a href=\"http:\/\/www.igbce-blogs.de:80\/aufgeweckte-alte\/wp-content\/uploads\/\/2010\/02\/das-heinrich-imbusch-haus-als-senioreneinrichtung-ist-einzigartig.jpg\"><img loading=\"lazy\" decoding=\"async\" class=\"alignnone wp-image-15899\" src=\"http:\/\/www.igbce-blogs.de:80\/aufgeweckte-alte\/wp-content\/uploads\/\/2022\/09\/01HausRosenau0038-480x360.jpg\" alt=\"\" width=\"600\" height=\"450\"\/><\/a><\/p>\n<h5>&nbsp;<\/h5>\n<h4><strong><span style=\"color: #000000;\">Zur <\/span><\/strong><a href=\"https:\/\/www.igbce-blogs.de\/aufgeweckte-alte\/?page_id=3550\"><strong>\u00dcbersicht 2010<\/strong><\/a><\/h4>\n<h4 style=\"text-align: left;\"><span style=\"color: #000000;\"><span style=\"color: #000000;\">Zur<\/span> <\/span><a href=\"https:\/\/www.igbce-blogs.de\/aufgeweckte-alte\/?page_id=130\">Startseite<\/a><\/h4>\n<p>&nbsp;<\/p>\nRelated Images:","protected":false},"excerpt":{"rendered":"<p>Am Mittwoch, den 10. Februar 2010, ab 14:00 Uhr trafen wir uns zusammen bei der IG BCE, Geb\u00e4ude D 811 in Frankfurt-H\u00f6chst. &nbsp; Wir hatten eingeladen&nbsp;zu unserer ersten Veranstaltung. Ein gem\u00fctliches Beisammensein zum Kennenlernen mit vielen Ideen und Vorschl\u00e4gen f\u00fcr weitere Aktivit\u00e4ten aus diesem Kreis. &nbsp; Peter&nbsp;zeigte einen Beitrag zum Heinrich-Imbusch-Haus auf der Rosenau bei [&hellip;]<\/p>\n","protected":false},"author":3,"featured_media":0,"parent":3550,"menu_order":1,"comment_status":"open","ping_status":"open","template":"tagcloud.php","meta":{"ngg_post_thumbnail":0,"footnotes":""},"class_list":["post-70","page","type-page","status-publish","hentry"],"_links":{"self":[{"href":"https:\/\/www.igbce-blogs.de\/aufgeweckte-alte\/index.php?rest_route=\/wp\/v2\/pages\/70","targetHints":{"allow":["GET"]}}],"collection":[{"href":"https:\/\/www.igbce-blogs.de\/aufgeweckte-alte\/index.php?rest_route=\/wp\/v2\/pages"}],"about":[{"href":"https:\/\/www.igbce-blogs.de\/aufgeweckte-alte\/index.php?rest_route=\/wp\/v2\/types\/page"}],"author":[{"embeddable":true,"href":"https:\/\/www.igbce-blogs.de\/aufgeweckte-alte\/index.php?rest_route=\/wp\/v2\/users\/3"}],"replies":[{"embeddable":true,"href":"https:\/\/www.igbce-blogs.de\/aufgeweckte-alte\/index.php?rest_route=%2Fwp%2Fv2%2Fcomments&post=70"}],"version-history":[{"count":26,"href":"https:\/\/www.igbce-blogs.de\/aufgeweckte-alte\/index.php?rest_route=\/wp\/v2\/pages\/70\/revisions"}],"predecessor-version":[{"id":19304,"href":"https:\/\/www.igbce-blogs.de\/aufgeweckte-alte\/index.php?rest_route=\/wp\/v2\/pages\/70\/revisions\/19304"}],"up":[{"embeddable":true,"href":"https:\/\/www.igbce-blogs.de\/aufgeweckte-alte\/index.php?rest_route=\/wp\/v2\/pages\/3550"}],"wp:attachment":[{"href":"https:\/\/www.igbce-blogs.de\/aufgeweckte-alte\/index.php?rest_route=%2Fwp%2Fv2%2Fmedia&parent=70"}],"curies":[{"name":"wp","href":"https:\/\/api.w.org\/{rel}","templated":true}]}}