{"id":5995,"date":"2015-11-12T19:02:41","date_gmt":"2015-11-12T18:02:41","guid":{"rendered":"http:\/\/www.igbce-blogs.de\/aufgeweckte-alte\/?page_id=5995"},"modified":"2016-06-09T16:56:20","modified_gmt":"2016-06-09T14:56:20","slug":"moselfahrt-burg-eltz-beilstein-okt-2015","status":"publish","type":"page","link":"https:\/\/www.igbce-blogs.de\/aufgeweckte-alte\/?page_id=5995","title":{"rendered":"MOSELFAHRT &#8211; Burg ELTZ mit dem Dornr\u00f6schen BEILSTEIN Okt. 2015"},"content":{"rendered":"<h2 style=\"text-align: center;\"><span style=\"color: #0000ff;\">Oktober 2015: <\/span><em><span style=\"color: #000000;\">Die MOSEL und ihr WEIN<br \/>\nFahrt zur Burg ELTZ und zum Dornr\u00f6schen<\/span><\/em><em><span style=\"color: #000000;\"><br \/>\nder Mosel, das wildromantische St\u00e4dtchen<\/span><\/em><em><span style=\"color: #000000;\"><br \/>\nBeilstein am 21.Oktober 2015.<\/span><\/em><\/h2>\n<address style=\"text-align: center;\"><strong>Treffpunkt Bf-H\u00f6chst &#8211; Abfahrt: 8:30 Uhr<\/strong><\/address>\n<address> <\/address>\n<address style=\"text-align: center;\"><strong>(Hattersheim plus ca.10 Min.) mit geplanter Ankunft<br \/>\netwa 11:00 Uhr zur F\u00dcHRUNG auf Burg ELTZ.<\/strong><\/address>\n<address style=\"text-align: center;\"><strong><br \/>\n<\/strong><\/address>\n<address> <\/address>\n<address style=\"text-align: center;\"> <\/address>\n<address style=\"text-align: center;\"><strong>Danach Weiterfahrt zum Dornr\u00f6schen der Mosel BEILSTEIN.<\/strong><\/address>\n<address> <\/address>\n<address style=\"text-align: center;\"><strong>Wir machten darauf aufmerksam, dass die Teilnahme auf eigene Verantwortung erfolgt.<\/strong><\/address>\n<address> <\/address>\n<address style=\"text-align: center;\"><strong>Es sind einige l\u00e4ngere Wege zu bew\u00e4ltigen. F\u00fcr alle mit eingeschr\u00e4nkter Beweglichkeit<\/strong><\/address>\n<address> <\/address>\n<address style=\"text-align: center;\"><strong>eventuell beschwerlich und nicht geeignet!<\/strong><\/address>\n<address> <\/address>\n<p><span> <\/span><\/p>\n<address style=\"text-align: center;\"><strong>Allen einen erlebnisreichen Tag an der romantischen Mosel.<\/strong><\/address>\n<p style=\"text-align: center;\"><span style=\"color: #000000;\"> <\/span><\/p>\n<h4 style=\"text-align: center;\"><span style=\"color: #000000;\"><em>Die \u201eAufgeweckten Alten\u201c<\/em><\/span><\/h4>\n<h4><span style=\"color: #000000;\">LINK zu den FOTO\u2019s: <\/span><a title=\"Hier klicken!!!\" href=\"https:\/\/www.igbce-blogs.de\/aufgeweckte-alte\/?p=6525\" target=\"_blank\">Hier klicken!!!<\/a><\/h4>\n<h1><span style=\"color: #0000ff;\"><strong>***************************************<\/strong><\/span><\/h1>\n<h4><span style=\"color: #0000ff;\"><strong><span style=\"color: #3366ff;\">[ Bilder und Texte aus Wikipedia ]<\/span><br \/>\n<\/strong><\/span><\/h4>\n<table style=\"height: 540px;\" width=\"485\" rules=\"all\">\n<tbody>\n<tr>\n<td colspan=\"2\">\n<div>\n<div><a title=\"Burg Eltz, Blick von Nordosten, August 2012\" href=\"https:\/\/de.wikipedia.org\/wiki\/Datei:Wierschem,_Burg_Eltz,_2012-08_CN-01.jpg\" target=\"_blank\"><img loading=\"lazy\" decoding=\"async\" class=\"alignleft\" src=\"https:\/\/upload.wikimedia.org\/wikipedia\/commons\/thumb\/e\/e4\/Wierschem%2C_Burg_Eltz%2C_2012-08_CN-01.jpg\/300px-Wierschem%2C_Burg_Eltz%2C_2012-08_CN-01.jpg\" alt=\"Burg Eltz, Blick von Nordosten, August 2012\" width=\"480\" height=\"360\" \/><\/a><\/div>\n<\/div>\n<p>Burg Eltz, Blick von Nordosten, August 2012<\/td>\n<\/tr>\n<tr>\n<td><a title=\"Mittelalter\" href=\"https:\/\/de.wikipedia.org\/wiki\/Mittelalter#Untergliederung_des_Mittelalters\">Entstehungszeit<\/a>:<\/td>\n<td>Beginn 12. Jahrhundert<\/td>\n<\/tr>\n<tr>\n<td><a title=\"Burg\" href=\"https:\/\/de.wikipedia.org\/wiki\/Burg#Unterscheidung_nach_der_Topographie\">Burgentyp<\/a>:<\/td>\n<td>H\u00f6henburg<\/td>\n<\/tr>\n<tr>\n<td>Erhaltungszustand:<\/td>\n<td>vollst\u00e4ndig erhalten<\/td>\n<\/tr>\n<tr>\n<td><a title=\"St\u00e4ndeordnung\" href=\"https:\/\/de.wikipedia.org\/wiki\/St%C3%A4ndeordnung\">St\u00e4ndische Stellung<\/a>:<\/td>\n<td>Adel<\/td>\n<\/tr>\n<tr>\n<td>Ort:<\/td>\n<td><a title=\"Wierschem\" href=\"https:\/\/de.wikipedia.org\/wiki\/Wierschem\">Wierschem<\/a><\/td>\n<\/tr>\n<tr>\n<td><a title=\"World Geodetic System 1984\" href=\"https:\/\/de.wikipedia.org\/wiki\/World_Geodetic_System_1984\">Geographische\u00a0Lage<\/a><\/td>\n<td>\u2641<a href=\"https:\/\/tools.wmflabs.org\/geohack\/geohack.php?pagename=Burg_Eltz&amp;language=de&amp;params=50.205_N_7.3366666666667_E_dim:200_region:DE-RP_type:landmark&amp;title=Burg+Eltz\">50\u00b0\u00a012\u2032\u00a018\u2033\u00a0<abbr title=\"Nord\">N<\/abbr>, 7\u00b0\u00a020\u2032\u00a012\u2033\u00a0<abbr title=\"Ost\">O<\/abbr><\/a>Koordinaten: <a href=\"https:\/\/tools.wmflabs.org\/geohack\/geohack.php?pagename=Burg_Eltz&amp;language=de&amp;params=50.205_N_7.3366666666667_E_dim:200_region:DE-RP_type:landmark\">50\u00b0\u00a012\u2032\u00a018\u2033\u00a0<abbr title=\"Nord\">N<\/abbr>, 7\u00b0\u00a020\u2032\u00a012\u2033\u00a0<abbr title=\"Ost\">O<\/abbr><\/a> | <a title=\"Zeige Koordinaten auf einer Karte von OpenStreetMap\" href=\"https:\/\/de.wikipedia.org\/wiki\/Burg_Eltz#\"><img decoding=\"async\" src=\"https:\/\/upload.wikimedia.org\/wikipedia\/commons\/thumb\/c\/c9\/OpenStreetMapLogo.png\/17px-OpenStreetMapLogo.png\" alt=\"\" width=\"17px\" height=\"17px\" \/><\/a> | <img decoding=\"async\" title=\"Ort auf interaktiver Karte anzeigen\" src=\"https:\/\/upload.wikimedia.org\/wikipedia\/commons\/thumb\/5\/55\/WMA_button2b.png\/17px-WMA_button2b.png\" alt=\"\" \/><\/td>\n<\/tr>\n<tr>\n<td>H\u00f6he:<\/td>\n<td>320\u00a0<abbr title=\"Meter \u00fcber Normalh\u00f6hennull\">m\u00a0\u00fc.\u00a0<a title=\"Normalh\u00f6hennull\" href=\"https:\/\/de.wikipedia.org\/wiki\/Normalh%C3%B6hennull\">NHN<\/a><\/abbr><\/td>\n<\/tr>\n<tr>\n<td colspan=\"2\"><span style=\"color: #000000;\"> <\/span><span style=\"color: #000000;\"> <\/span><\/p>\n<p><span style=\"color: #000000;\"> <\/span><\/p>\n<table style=\"height: 1px;\" width=\"132\">\n<tbody>\n<tr>\n<td><\/td>\n<\/tr>\n<\/tbody>\n<\/table>\n<\/td>\n<\/tr>\n<\/tbody>\n<\/table>\n<h3><span style=\"color: #000000;\">Gr\u00fcndung im Hochmittelalter<\/span><\/h3>\n<div><a href=\"https:\/\/de.wikipedia.org\/wiki\/Datei:Burg_elz.gif\"><img loading=\"lazy\" decoding=\"async\" class=\"alignright\" src=\"https:\/\/upload.wikimedia.org\/wikipedia\/commons\/thumb\/b\/bf\/Burg_elz.gif\/220px-Burg_elz.gif\" alt=\"\" width=\"220\" height=\"428\" \/><\/a>Grundriss der Burg Eltz<\/div>\n<div>\n<div>\n<div>Die <strong>Burg Eltz<\/strong> ist eine <a title=\"H\u00f6henburg\" href=\"https:\/\/de.wikipedia.org\/wiki\/H%C3%B6henburg\">H\u00f6henburg<\/a> aus dem 12. Jahrhundert. Sie liegt im Tal der <a title=\"Elz (Eifel)\" href=\"https:\/\/de.wikipedia.org\/wiki\/Elz_%28Eifel%29\">Elz<\/a>, die das <a title=\"Maifeld\" href=\"https:\/\/de.wikipedia.org\/wiki\/Maifeld\">Maifeld<\/a> von der <a title=\"Eifel\" href=\"https:\/\/de.wikipedia.org\/wiki\/Eifel\">Eifel<\/a> trennt, s\u00fcdlich der Ortslage auf der <a title=\"Gemarkung\" href=\"https:\/\/de.wikipedia.org\/wiki\/Gemarkung\">Gemarkung<\/a> der Ortsgemeinde <a title=\"Wierschem\" href=\"https:\/\/de.wikipedia.org\/wiki\/Wierschem\">Wierschem<\/a> in <a title=\"Rheinland-Pfalz\" href=\"https:\/\/de.wikipedia.org\/wiki\/Rheinland-Pfalz\">Rheinland-Pfalz<\/a> auf 320\u00a0<abbr title=\"Meter \u00fcber Normalh\u00f6hennull\">m\u00a0\u00fc.\u00a0<a title=\"Normalh\u00f6hennull\" href=\"https:\/\/de.wikipedia.org\/wiki\/Normalh%C3%B6hennull\">NHN<\/a><\/abbr>. Das Bauwerk geh\u00f6rt zu den bekanntesten Burgen Deutschlands. Wie das <a title=\"Schloss B\u00fcrresheim\" href=\"https:\/\/de.wikipedia.org\/wiki\/Schloss_B%C3%BCrresheim\">Schloss B\u00fcrresheim<\/a> und die <a title=\"Burg Lissingen\" href=\"https:\/\/de.wikipedia.org\/wiki\/Burg_Lissingen\">Burg Lissingen<\/a> ist es eine jener Befestigungsanlagen in der <a title=\"Eifel\" href=\"https:\/\/de.wikipedia.org\/wiki\/Eifel\">Eifel<\/a>, die niemals erobert werden konnten.<\/div>\n<\/div>\n<\/div>\n<p>Die Burg im Tal des <a title=\"Elzbach\" href=\"https:\/\/de.wikipedia.org\/wiki\/Elzbach\">Elzbaches<\/a> (auch: Elz) wurde wahrscheinlich zu Beginn des 12. Jahrhunderts an einem Handelsweg zwischen dem <a title=\"Mosel\" href=\"https:\/\/de.wikipedia.org\/wiki\/Mosel\">Moselland<\/a> und dem fruchtbaren <a title=\"Maifeld\" href=\"https:\/\/de.wikipedia.org\/wiki\/Maifeld\">Maifeld<\/a> erbaut. Der Name Eltz wird erstmals 1157 in einer Schenkungsurkunde  Friedrichs I. Barbarossa erw\u00e4hnt, in der \u201eRudolphus de Elze\u201c als Zeuge  auftritt.<sup id=\"cite_ref-1\"><a href=\"https:\/\/de.wikipedia.org\/wiki\/Burg_Eltz#cite_note-1\">[1]<\/a><\/sup><sup id=\"cite_ref-Triangelis27_2-0\"><a href=\"https:\/\/de.wikipedia.org\/wiki\/Burg_Eltz#cite_note-Triangelis27-2\">[2]<\/a><\/sup> Der sp\u00e4tromanische <a title=\"Bergfried\" href=\"https:\/\/de.wikipedia.org\/wiki\/Bergfried\">Bergfried<\/a> Platt-Eltz und Reste des romanischen Wohnhauses sind heute noch erhalten.<\/p>\n<p>Die Burg wird auf drei Seiten von der Elz umflossen und ragt auf  einem bis zu 70 Meter hohen, elliptischen Felskopf empor. Die Erbauer  orientierten sich bei der Anlage an der Form der Felsformation. Dadurch  entstanden die teilweise ungew\u00f6hnlichen Grundrisse der einzelnen R\u00e4ume.<\/p>\n<p>Zu einer ersten Stammesteilung der <a title=\"Eltz (Adelsgeschlecht)\" href=\"https:\/\/de.wikipedia.org\/wiki\/Eltz_%28Adelsgeschlecht%29\">Herren von Eltz<\/a> kam es noch vor 1268 unter den Br\u00fcdern Elias, Wilhelm und Theoderich,  wobei die Burg und die dazugeh\u00f6rigen G\u00fcter unter den drei Br\u00fcdern  aufgeteilt wurden.<sup id=\"cite_ref-Triangelis27_2-1\"><a href=\"https:\/\/de.wikipedia.org\/wiki\/Burg_Eltz#cite_note-Triangelis27-2\">[2]<\/a><\/sup><\/p>\n<ul>\n<li>Eltz-Kempenich genannt <em>Eltz vom goldenen L\u00f6wen<\/em><\/li>\n<li>Eltz-R\u00fcbenach genannt <em>Eltz vom silbernen L\u00f6wen<\/em><\/li>\n<li>Eltz-Rodendorf genannt <em>Eltz von den B\u00fcffelh\u00f6rnern<\/em><\/li>\n<\/ul>\n<p>Die Namen der Hauptlinien stammen jeweils von den angeheirateten Gattinnen, die jeweils von der <a title=\"Burg Kempenich\" href=\"https:\/\/de.wikipedia.org\/wiki\/Burg_Kempenich\">Burg Kempenich<\/a>, aus <a title=\"Koblenz-R\u00fcbenach\" href=\"https:\/\/de.wikipedia.org\/wiki\/Koblenz-R%C3%BCbenach\">R\u00fcbenach<\/a> und Rodendorf (heute <a title=\"Ch\u00e2teau-Rouge\" href=\"https:\/\/de.wikipedia.org\/wiki\/Ch%C3%A2teau-Rouge\">Ch\u00e2teau-Rouge<\/a>, Departement Moselle, Lothringen) stammen. Alle Familien verblieben danach auf der Burg in einer <a title=\"Ganerbschaft\" href=\"https:\/\/de.wikipedia.org\/wiki\/Ganerbschaft\">Ganerbengemeinschaft<\/a>; die Burg Eltz war fortan eine <a title=\"Ganerbenburg\" href=\"https:\/\/de.wikipedia.org\/wiki\/Ganerbenburg\">Ganerbenburg<\/a>, auf der die Teilbauten der Burg die Namen der Teillinien tragen.<\/p>\n<p>Durch den Ankauf des Anteils des Freiherrn von Eltz-R\u00fcbenach  (silberner L\u00f6we) gelangte die Stammburg 1815 in den Alleinbesitz der  Hauptlinie der Grafen und Edlen von und zu Eltz, gen. Faust von  Stromberg (Eltz-Kempenich; goldener L\u00f6we).<sup id=\"cite_ref-Triangelis27_2-2\"><a href=\"https:\/\/de.wikipedia.org\/wiki\/Burg_Eltz#cite_note-Triangelis27-2\">[2]<\/a><\/sup><\/p>\n<div><a href=\"https:\/\/de.wikipedia.org\/wiki\/Datei:Burg_Eltz_und_Burg_Trutzeltz.jpg\" target=\"_blank\"><img decoding=\"async\" src=\"https:\/\/upload.wikimedia.org\/wikipedia\/commons\/thumb\/2\/2f\/Burg_Eltz_und_Burg_Trutzeltz.jpg\/310px-Burg_Eltz_und_Burg_Trutzeltz.jpg\" alt=\"\" width=\"480\" \/><\/a><\/div>\n<div>Burg Eltz und <a title=\"Burg Trutzeltz\" href=\"https:\/\/de.wikipedia.org\/wiki\/Burg_Trutzeltz\">Burg Trutzeltz<\/a><\/div>\n<h3><span style=\"color: #000000;\">Restaurierung der Burg im 19. Jahrhundert<\/span><\/h3>\n<p>Im  19. Jahrhundert setzte sich Graf Karl zu Eltz sehr f\u00fcr die  Restaurierung seiner Burg ein. In der Zeit von 1845 bis 1888 wurde die  betr\u00e4chtliche Summe von 184.000 Mark in die umfangreichen Bauarbeiten  investiert. Dies entspricht nach heutiger Kaufkraft ca. 8 Millionen  Euro. Er ging dabei sehr behutsam vor und ber\u00fccksichtigte die vorhandene  Architektur.<\/p>\n<h3><span style=\"color: #000000;\">Brand von 1920<\/span><\/h3>\n<p>Ein  Brand, der am 20. September 1920 im S\u00fcdteil des Kempenicher Hauses  ausbrach und auf weitere Geb\u00e4udeteile \u00fcbergriff, zog umfassende  Renovierungen und Wiederherstellungen nach sich. Zerst\u00f6rt worden waren  insbesondere der <a title=\"Burgkapelle\" href=\"https:\/\/de.wikipedia.org\/wiki\/Burgkapelle\">Kapellenbau<\/a> und das dar\u00fcber gelegene Archiv, die Ausstattung des Kempenicher Hauses  und der zehn oberen R\u00e4ume des Rodendorfer Hauses. 1930 fanden die  Wiederherstellungs- (Haus Kempenich) und Wiederaufbauarbeiten (Kapelle  und Haus Rodendorf) zun\u00e4chst ihren Abschluss.<sup id=\"cite_ref-3\"><a href=\"https:\/\/de.wikipedia.org\/wiki\/Burg_Eltz#cite_note-3\">[3]<\/a><\/sup><\/p>\n<h3><span style=\"color: #000000;\">Die Burg heute<\/span><\/h3>\n<p>Seit mehr als 800 Jahren befindet sich die Burg im Besitz der  gleichnamigen Familie. Ihr jetziger Eigent\u00fcmer, Karl Graf und Edler Herr  von und zu Eltz-Kempenich, genannt Faust von Stromberg, lebt in <a title=\"Frankfurt am Main\" href=\"https:\/\/de.wikipedia.org\/wiki\/Frankfurt_am_Main\">Frankfurt am Main<\/a> und auf dem Eltzer Hof zu <a title=\"Eltville am Rhein\" href=\"https:\/\/de.wikipedia.org\/wiki\/Eltville_am_Rhein\">Eltville am Rhein<\/a>.  Er \u00fcbernahm die Aufgabe, die Burg f\u00fcr die \u00d6ffentlichkeit zug\u00e4nglich zu  halten, ihre Substanz zu sichern und sie an die 34. Generation  weiterzureichen.<\/p>\n<h3><span style=\"color: #000000;\">Umfangreiche Sicherung und Sanierung<\/span><\/h3>\n<p>In  den Jahren 2009 bis 2012 fanden umfangreiche Sicherungs- und  Restaurierungsarbeiten statt. Unter anderem war das Gew\u00f6lbe des  Fahnensaals wegen der auseinanderweichenden Mauern gef\u00e4hrdet, und der  Vorbau des Kempenicher Hauses wurde statisch gesichert. Neben diesen  statischen Reparaturen wurden fast alle Schieferd\u00e4cher erneuert. In den  Dachwerken wurden konstruktive Probleme behoben und Holzsch\u00e4dlinge  bek\u00e4mpft. Im Innenbereich wurden Heizungs- und Sanit\u00e4ranlagen, Fenster  und Brandmeldeanlage erneuert und zudem der historische Putz, die  Fachwerkfassaden sowie eine Spindeltreppe restauriert. Die  Sanierungskosten beliefen sich insgesamt auf rund 4,4 Millionen Euro.  Gef\u00f6rdert wurden die Ma\u00dfnahmen u.a. durch einen Zuschuss aus dem <a title=\"Konjunkturpaket\" href=\"https:\/\/de.wikipedia.org\/wiki\/Konjunkturpaket\">Konjunkturpaket<\/a> der Bundesregierung mit 2 Millionen Euro. Das Land Rheinland-Pfalz, die <a title=\"Deutsche Stiftung Denkmalschutz\" href=\"https:\/\/de.wikipedia.org\/wiki\/Deutsche_Stiftung_Denkmalschutz\">Deutsche Stiftung Denkmalschutz<\/a> und die Eigent\u00fcmer stellten weitere Mittel zur Verf\u00fcgung.<sup id=\"cite_ref-4\"><a href=\"https:\/\/de.wikipedia.org\/wiki\/Burg_Eltz#cite_note-4\">[4]<\/a><\/sup> <sup id=\"cite_ref-5\"><a href=\"https:\/\/de.wikipedia.org\/wiki\/Burg_Eltz#cite_note-5\">[5]<\/a><\/sup><\/p>\n<h1><span style=\"color: #0000ff;\"><strong>***************************************<\/strong><\/span><\/h1>\n<h3><strong><span style=\"color: #000000;\">Hier klicken zu:<br \/>\n<a title=\"BEILSTEIN, das Dornr\u00f6schen der Mosel\" href=\"https:\/\/de.wikipedia.org\/wiki\/Beilstein_(Mosel)\" target=\"_blank\">BEILSTEIN, das Dornr\u00f6schen der Mosel<\/a><\/span><\/strong><\/h3>\n<h4><span style=\"color: #3366ff;\"><strong>[ Bilder und Texte aus Wikipedia ]<\/strong><\/span><\/h4>\n<h1><span style=\"color: #0000ff;\"><strong>***************************************<\/strong><\/span><\/h1>\n<h5><span style=\"color: #000000;\"><span style=\"color: #000000;\">Zur<\/span> <\/span><a href=\"https:\/\/www.igbce-blogs.de\/aufgeweckte-alte\/?page_id=5672\">\u00dcbersicht 2015<\/a><\/h5>\n<h5><span style=\"color: #000000;\">Zur <\/span><a href=\"https:\/\/www.igbce-blogs.de\/aufgeweckte-alte\/\" target=\"_blank\">Startseite<\/a><\/h5>\nRelated Images:","protected":false},"excerpt":{"rendered":"<p>Oktober 2015: Die MOSEL und ihr WEIN Fahrt zur Burg ELTZ und zum Dornr\u00f6schen der Mosel, das wildromantische St\u00e4dtchen Beilstein am 21.Oktober 2015. Treffpunkt Bf-H\u00f6chst &#8211; Abfahrt: 8:30 Uhr (Hattersheim plus ca.10 Min.) mit geplanter Ankunft etwa 11:00 Uhr zur F\u00dcHRUNG auf Burg ELTZ. Danach Weiterfahrt zum Dornr\u00f6schen der Mosel BEILSTEIN. Wir machten darauf aufmerksam, [&hellip;]<\/p>\n","protected":false},"author":3,"featured_media":0,"parent":5672,"menu_order":8,"comment_status":"open","ping_status":"closed","template":"tagcloud.php","meta":{"ngg_post_thumbnail":0,"footnotes":""},"class_list":["post-5995","page","type-page","status-publish","hentry"],"_links":{"self":[{"href":"https:\/\/www.igbce-blogs.de\/aufgeweckte-alte\/index.php?rest_route=\/wp\/v2\/pages\/5995","targetHints":{"allow":["GET"]}}],"collection":[{"href":"https:\/\/www.igbce-blogs.de\/aufgeweckte-alte\/index.php?rest_route=\/wp\/v2\/pages"}],"about":[{"href":"https:\/\/www.igbce-blogs.de\/aufgeweckte-alte\/index.php?rest_route=\/wp\/v2\/types\/page"}],"author":[{"embeddable":true,"href":"https:\/\/www.igbce-blogs.de\/aufgeweckte-alte\/index.php?rest_route=\/wp\/v2\/users\/3"}],"replies":[{"embeddable":true,"href":"https:\/\/www.igbce-blogs.de\/aufgeweckte-alte\/index.php?rest_route=%2Fwp%2Fv2%2Fcomments&post=5995"}],"version-history":[{"count":75,"href":"https:\/\/www.igbce-blogs.de\/aufgeweckte-alte\/index.php?rest_route=\/wp\/v2\/pages\/5995\/revisions"}],"predecessor-version":[{"id":6537,"href":"https:\/\/www.igbce-blogs.de\/aufgeweckte-alte\/index.php?rest_route=\/wp\/v2\/pages\/5995\/revisions\/6537"}],"up":[{"embeddable":true,"href":"https:\/\/www.igbce-blogs.de\/aufgeweckte-alte\/index.php?rest_route=\/wp\/v2\/pages\/5672"}],"wp:attachment":[{"href":"https:\/\/www.igbce-blogs.de\/aufgeweckte-alte\/index.php?rest_route=%2Fwp%2Fv2%2Fmedia&parent=5995"}],"curies":[{"name":"wp","href":"https:\/\/api.w.org\/{rel}","templated":true}]}}