{"id":5405,"date":"2015-02-26T17:38:51","date_gmt":"2015-02-26T16:38:51","guid":{"rendered":"http:\/\/www.igbce-blogs.de\/aufgeweckte-alte\/?page_id=5405"},"modified":"2015-05-19T18:03:32","modified_gmt":"2015-05-19T17:03:32","slug":"europaparlament-strasburg-sept-2014","status":"publish","type":"page","link":"https:\/\/www.igbce-blogs.de\/aufgeweckte-alte\/?page_id=5405","title":{"rendered":"EUROPAPARLAMENT mit Stra\u00dfburg"},"content":{"rendered":"<h3><span style=\"color: #000080;\">September 2014: Zweitagesfahrt zum EUROPA-PARLAMENT nach Stra\u00dfburg vom 15. auf den 16.<br \/>\n<\/span><\/h3>\n<h3><span style=\"color: #000080;\"> <\/span><\/h3>\n<h4><a title=\"Permanent Link: Ausflug nach Stra\u00dfburg vom 15. bis 16.09.2014\" rel=\"bookmark\" href=\"https:\/\/www.igbce-blogs.de\/aufgeweckte-alte\/?p=5524\">Zum Artikel:\u00a0 Ausflug nach Stra\u00dfburg von Holger Biburger !!!<\/a><span style=\"color: #000080;\"><strong> <\/strong><\/span><\/h4>\n<h1><span style=\"color: #000080;\"><strong>*****************************************<\/strong><\/span><\/h1>\n<h3>ngg_shortcode_0_placeholder<\/h3>\n<h3><strong>ngg_shortcode_1_placeholder<\/h3>\n<p><strong><span style=\"text-decoration: underline;\">\u201eAufgeweckte Alte\u201c in Stra\u00dfburg<\/span><\/strong><br \/>\n<em>Ein Beitrag von Arnold Weber !!!<\/em><\/p>\n<p>Die \u201ealten Gewerkschafter\u201c sind unternehmungslustig und tun was.<br \/>\nDer <strong>Seniorenkreis der IG BCE<\/strong> in Frankfurt, die <strong>\u201eAufgeweckten Alten\u201c<\/strong>, waren p\u00fcnktlich zum Sitzungsbeginn des neugew\u00e4hlten Europ\u00e4ischen Parlaments in Stra\u00dfburg und verfolgten dort die erste Debatte der Europaabgeordneten.<br \/>\nEine F\u00fchrung durch die R\u00e4ume des Hohen Hauses erfolgte vor Sitzungsbeginn.<br \/>\nZum Programm dieser zweit\u00e4gigen Reise nach Stra\u00dfburg geh\u00f6rten auch eine Stadtrundfahrt mit dem Bus, ein Rundgang durch die Innenstadt und selbstverst\u00e4ndlich auch eine BATOROMA-Bootsfahrt auf der Ill.<\/p>\n<p>Der gesellige Abend im Hotel Ochsen in dem beschaulichen Kork,<br \/>\neinem Stadtteil von Kehl, begeisterte die Teilnehmer nicht minder.<br \/>\nDie Verantwortlichen dieses Seniorenkreises hatten f\u00fcr Fahrt, Verpflegung<br \/>\nund \u00dcbernachtung einen ausgesprochen g\u00fcnstigen Preis aushandeln k\u00f6nnen. Bereits in den n\u00e4chsten Tagen werden die \u201eAufgeweckten Alten\u201c ein Jahres-Programm f\u00fcr 2015 ausarbeiten, u.a. ist eine Berlin- bzw. Bamberg-Fahrt vorgesehen.<\/p>\n<p>Appetit auf unsere Veranstaltungen macht unser WEB-Blog:<br \/>\n<a href=\"https:\/\/www.igbce-blogs.de\/aufgeweckte-alte\/\">https:\/\/www.igbce-blogs.de\/aufgeweckte-alte\/<\/a><\/p>\n<h3>ngg_shortcode_2_placeholder<\/h3>\n<h3>ngg_shortcode_3_placeholder<\/h3>\n<h1><span style=\"color: #000080;\"><strong>*****************************************<\/strong><\/span><span style=\"color: #000080;\"><strong> <\/strong><strong><br \/>\n<\/strong><\/span><\/h1>\n<p>Das Highlight unserer Veranstaltungsreihe 2014:<\/p>\n<p><strong>Stra\u00dfburg \u2013 dort \u2013 wo Europa gestaltet wird!<\/strong><br \/>\n<em>Ein Beitrag von Sieglinde Witt !!!<\/em><\/p>\n<p>Die \u201eAufgeweckten Alten\u201c aus Ffm-H\u00f6chst haben mit dem Ausflug nach Stra\u00dfburg ein \u201ebesonderes Schmankerl\u201c genossen. Los gings am 15.9. um 8.00 Uhr ab H\u00f6chster Bahnhof mit dem bew\u00e4hrten Busunternehmen Gutacker. In Stra\u00dfburg angekommen, hatten wir Zeit, bei sommerlichen Temperaturen durch die Stadt zu schlendern, bis uns der\u00a0 Bus zum Europ\u00e4ischen Parlament brachte.<\/p>\n<p>Eine imposante Bauweise: Das <strong><em>Parlamentsgeb\u00e4ude (Louise Weiss)<\/em><\/strong><em> <\/em>aus dem Jahr 1999 ist weit mehr als ein Zweckbau, es ist reich an politischen Symbolen. Seine Architektur spiegelt die Grundideen des europ\u00e4ischen Einigungsprojekts und die Rolle der europ\u00e4ischen Volksvertretung wider. Eine riesige bogenf\u00f6rmige <em>Glasfassade<\/em> umfasst die Kuppel des Plenarsaals und symbolisiert die Transparenz des Parlaments gegen\u00fcber den europ\u00e4ischen B\u00fcrgern. Der <em>Bogen <\/em>erstreckt sich entlang des Zusammenflusses von der Ill und dem Rhein-Marne-Kanal \u2013 ein Sinnbild f\u00fcr das Zusammentreffen von Menschen aus unterschiedlichen L\u00e4ndern und Kulturkreisen. Der <em>Turm, <\/em>der die B\u00fcros der Abgeordneten beherbergt, scheint<br \/>\nin seinem westlichen Teil unvollst\u00e4ndig zu sein \u2013 ein Zeichen f\u00fcr den Auftrag<br \/>\nder Abgeordneten, die Gestaltung Europas stets weiterzuentwickeln.<\/p>\n<p>Nach einer gelungenen Einf\u00fchrung von einem Herrn der Friedrich-Ebert-Stiftung wurden<br \/>\nwir auf die Besuchertrib\u00fcne gef\u00fchrt und Martin Schulz er\u00f6ffnete gerade die Plenarsitzung.<\/p>\n<p>All diese neuen Eindr\u00fccke und Informationen konnten nun bei einem harmonischen Beisammensein im <strong>Hotel \u201eOchsen\u201c in Kehl-Kork<\/strong> gefestigt und diskutiert werden.<\/p>\n<p>Der n\u00e4chste Tag begann mit einer Stadtf\u00fchrung und einer Bootsfahrt auf der Ill,<br \/>\nwiederum bei \u201eeitel Sonnenschein\u201c- tja, wenn Engel reisen!<\/p>\n<h4><span style=\"color: #000080;\"><strong> LINK: <\/strong><a title=\"Foto-Galerie Stra\u00dfburg &amp; Besuch des Europa-Parlament's \" href=\"https:\/\/www.igbce-blogs.de\/aufgeweckte-alte\/?p=5415\" target=\"_blank\">Foto-Galerie Stra\u00dfburg &amp; Besuch des Europa-Parlament&#8217;s <\/a><\/span><\/h4>\n<h1><span style=\"color: #000080;\"><strong>*****************************************<\/strong><\/span><\/h1>\n<h2><span style=\"color: #800000;\">Unsere Herberge in Kehl-Kork: HOTEL Ochsen<\/span><\/h2>\n<h3>ngg_shortcode_4_placeholder<\/h3>\n<p style=\"text-align: center;\"><span style=\"color: #800000;\">Herzlich willkommen<br \/>\nim kaiserlich-k\u00f6niglichen Hauptquartier 1796\/97.<br \/>\nBereits 1604 erbaut, betreiben wir den Korker Ochsen<br \/>\nin vierten Generation seit 1920 als Familienbetrieb.<br \/>\nEs ist uns eine Ehre, Sie in unserem geschichtstr\u00e4chtigen<br \/>\nHause als unsere G\u00e4ste begr\u00fc\u00dfen zu d\u00fcrfen.<br \/>\nMit gastfreundlichen, herzlichen Gr\u00fc\u00dfen aus<br \/>\nKehl-Kork, Familie Lubberger und Mitarbeiter.<\/span><\/p>\n<h3><span style=\"color: #800000;\"><a title=\"HOTEL Ochsen\" href=\"http:\/\/www.ochsen-kork.de\/hotel_cms\/de\/home\" target=\"_blank\">http:\/\/www.ochsen-kork.de\/hotel_cms\/de\/home<\/a><\/p>\n<p><\/span><\/h3>\n<h1><span style=\"color: #000080;\"><strong>*****************************************<\/strong><\/span><\/h1>\n<h5 style=\"text-align: left;\"><span style=\"color: #000000;\">Zur <\/span><a href=\"https:\/\/www.igbce-blogs.de\/aufgeweckte-alte\/?page_id=5283\">\u00dcbersicht 2014<\/a><\/h5>\n<h5 style=\"text-align: left;\"><span style=\"color: #000000;\"><span style=\"color: #000000;\">Zur<\/span> <\/span><a href=\"https:\/\/www.igbce-blogs.de\/aufgeweckte-alte\/\" target=\"_blank\">Startseite<\/a><\/h5>\nRelated Images:","protected":false},"excerpt":{"rendered":"<p>September 2014: Zweitagesfahrt zum EUROPA-PARLAMENT nach Stra\u00dfburg vom 15. auf den 16. Zum Artikel:\u00a0 Ausflug nach Stra\u00dfburg von Holger Biburger !!! ***************************************** \u201eAufgeweckte Alte\u201c in Stra\u00dfburg Ein Beitrag von Arnold Weber !!! Die \u201ealten Gewerkschafter\u201c sind unternehmungslustig und tun was. Der Seniorenkreis der IG BCE in Frankfurt, die \u201eAufgeweckten Alten\u201c, waren p\u00fcnktlich zum Sitzungsbeginn des [&hellip;]<\/p>\n","protected":false},"author":3,"featured_media":0,"parent":5283,"menu_order":5,"comment_status":"open","ping_status":"closed","template":"","meta":{"ngg_post_thumbnail":0,"footnotes":""},"class_list":["post-5405","page","type-page","status-publish","hentry"],"_links":{"self":[{"href":"https:\/\/www.igbce-blogs.de\/aufgeweckte-alte\/index.php?rest_route=\/wp\/v2\/pages\/5405","targetHints":{"allow":["GET"]}}],"collection":[{"href":"https:\/\/www.igbce-blogs.de\/aufgeweckte-alte\/index.php?rest_route=\/wp\/v2\/pages"}],"about":[{"href":"https:\/\/www.igbce-blogs.de\/aufgeweckte-alte\/index.php?rest_route=\/wp\/v2\/types\/page"}],"author":[{"embeddable":true,"href":"https:\/\/www.igbce-blogs.de\/aufgeweckte-alte\/index.php?rest_route=\/wp\/v2\/users\/3"}],"replies":[{"embeddable":true,"href":"https:\/\/www.igbce-blogs.de\/aufgeweckte-alte\/index.php?rest_route=%2Fwp%2Fv2%2Fcomments&post=5405"}],"version-history":[{"count":121,"href":"https:\/\/www.igbce-blogs.de\/aufgeweckte-alte\/index.php?rest_route=\/wp\/v2\/pages\/5405\/revisions"}],"predecessor-version":[{"id":5407,"href":"https:\/\/www.igbce-blogs.de\/aufgeweckte-alte\/index.php?rest_route=\/wp\/v2\/pages\/5405\/revisions\/5407"}],"up":[{"embeddable":true,"href":"https:\/\/www.igbce-blogs.de\/aufgeweckte-alte\/index.php?rest_route=\/wp\/v2\/pages\/5283"}],"wp:attachment":[{"href":"https:\/\/www.igbce-blogs.de\/aufgeweckte-alte\/index.php?rest_route=%2Fwp%2Fv2%2Fmedia&parent=5405"}],"curies":[{"name":"wp","href":"https:\/\/api.w.org\/{rel}","templated":true}]}}