{"id":2291,"date":"2012-03-02T16:46:52","date_gmt":"2012-03-02T15:46:52","guid":{"rendered":"http:\/\/www.igbce-blogs.de\/aufgeweckte-alte\/?page_id=2291"},"modified":"2014-01-29T17:42:53","modified_gmt":"2014-01-29T16:42:53","slug":"unser-kreppel-kaffee-vom-07-februar-2012","status":"publish","type":"page","link":"https:\/\/www.igbce-blogs.de\/aufgeweckte-alte\/?page_id=2291","title":{"rendered":"Kreppel-Kaffee im Februar 2012"},"content":{"rendered":"<h5><span style=\"color: #000000;\"> <\/span><\/h5>\n<h5><span style=\"color: #000000;\"> <\/span><\/h5>\n<h5><a href=\"http:\/\/www.igbce-blogs.de:80\/aufgeweckte-alte\/wp-content\/uploads\/\/2012\/03\/006-e1331234859364.jpg\" target=\"_blank\"><img loading=\"lazy\" decoding=\"async\" class=\"alignnone size-full wp-image-2389\" style=\"border: 3px solid black; margin: 3px;\" title=\"Gem\u00fctliche Runde beim Kreppelkaffee\" src=\"http:\/\/www.igbce-blogs.de:80\/aufgeweckte-alte\/wp-content\/uploads\/\/2012\/03\/006-e1331234859364.jpg\" alt=\"\" width=\"480\" height=\"360\" \/><\/a><\/h5>\n<h5><span style=\"color: #000000;\">Am 07.02.2012 ab 13:30 Uhr trafen sich die \u201eAufgeweckten Alten\u201c<br \/>\nzum diesj\u00e4hrigen \u201eKreppelkaffee\u201c im Pfarrheim St. Josef in Ffm-H\u00f6chst.<\/span><\/h5>\n<h5><span style=\"color: #000000;\">Nach der offiziellen Begr\u00fc\u00dfung mit Feststellung der Anwesenheit,<br \/>\nlabte man sich an Kaffee , Kreppel und Geb\u00e4ck.<\/span><\/h5>\n<h5><span style=\"color: #000000;\">*********************************************************************<br \/>\n<\/span><\/h5>\n<h5><span style=\"color: #000000;\"> Ralph Frank stellte sein Erlebnis-Museum<br \/>\n\u201eEXPERIMINTA\u201c in Frankfurt vor.<\/span><\/h5>\n<h3><span style=\"color: #000000;\"> <\/span><a class=\"aligncenter\" title=\"Experiminta.de - LINK\" href=\"http:\/\/www.experiminta.de\/anfang.htm\" target=\"_blank\">http:\/\/www.experiminta.de\/anfang.htm<\/a><\/h3>\n<h5><span style=\"color: #000000;\">*********************************************************************<\/span><\/h5>\n<h5><span style=\"color: #000000;\"> Als kein Kaffee und Kuchen mehr gew\u00fcnscht wurde,<br \/>\nbegannen einige, etwas voreilig, das gebrauchte Geschirr abzur\u00e4umen.<\/span><\/h5>\n<h5><span style=\"color: #000000;\"> <\/span><\/h5>\n<h5><span style=\"color: #000000;\">Das f\u00fchrte bei vielen Besuchern zu der irrigen Meinung,<br \/>\ndie Veranstaltung  sei zu Ende und sie m\u00fc\u00dften nun gehen.<\/span><\/h5>\n<h5><span style=\"color: #000000;\"> <\/span><\/h5>\n<h5><span style=\"color: #000000;\">Es brauchte schon eine ganze Menge an \u00dcberredungskunst, um<br \/>\nwenigstens noch einen gr\u00f6\u00dferen Rest zum Bleiben zu bewegen.<\/span><\/h5>\n<h5><span style=\"color: #000000;\">Diese G\u00e4ste konnten sich noch \u00fcber einen Duovortrag<br \/>\nvon Birgitta und Holger freuen.<\/span><\/h5>\n<h5><span style=\"color: #000000;\"> Peter hat noch ein paar Aufnahmen gemacht,<br \/>\nund diese in der FOTOGALERIE online gestellt!<\/span><\/h5>\n<h4><a class=\"aligncenter\" title=\"Link zur Fotogalerie \" href=\"https:\/\/www.igbce-blogs.de\/aufgeweckte-alte\/?p=2326\" target=\"_blank\">Link zur Fotogalerie <\/a><\/h4>\n<p><span><\/span><\/p>\n<h5 style=\"text-align: left;\"><span style=\"color: #000000;\">Zur <\/span><a href=\"https:\/\/www.igbce-blogs.de\/aufgeweckte-alte\/?page_id=2112\">\u00dcbersicht 2012<\/a><\/h5>\n<h5 style=\"text-align: left;\"><span style=\"color: #000000;\"><span style=\"color: #000000;\">Zur<\/span> <\/span><a href=\"https:\/\/www.igbce-blogs.de\/aufgeweckte-alte\/?page_id=130\">Startseite<\/a><\/h5>\nRelated Images:","protected":false},"excerpt":{"rendered":"<p>Am 07.02.2012 ab 13:30 Uhr trafen sich die \u201eAufgeweckten Alten\u201c zum diesj\u00e4hrigen \u201eKreppelkaffee\u201c im Pfarrheim St. Josef in Ffm-H\u00f6chst. Nach der offiziellen Begr\u00fc\u00dfung mit Feststellung der Anwesenheit, labte man sich an Kaffee , Kreppel und Geb\u00e4ck. ********************************************************************* Ralph Frank stellte sein Erlebnis-Museum \u201eEXPERIMINTA\u201c in Frankfurt vor. http:\/\/www.experiminta.de\/anfang.htm ********************************************************************* Als kein Kaffee und Kuchen mehr gew\u00fcnscht [&hellip;]<\/p>\n","protected":false},"author":3,"featured_media":0,"parent":2112,"menu_order":2,"comment_status":"open","ping_status":"closed","template":"tagcloud.php","meta":{"ngg_post_thumbnail":0,"footnotes":""},"class_list":["post-2291","page","type-page","status-publish","hentry"],"_links":{"self":[{"href":"https:\/\/www.igbce-blogs.de\/aufgeweckte-alte\/index.php?rest_route=\/wp\/v2\/pages\/2291","targetHints":{"allow":["GET"]}}],"collection":[{"href":"https:\/\/www.igbce-blogs.de\/aufgeweckte-alte\/index.php?rest_route=\/wp\/v2\/pages"}],"about":[{"href":"https:\/\/www.igbce-blogs.de\/aufgeweckte-alte\/index.php?rest_route=\/wp\/v2\/types\/page"}],"author":[{"embeddable":true,"href":"https:\/\/www.igbce-blogs.de\/aufgeweckte-alte\/index.php?rest_route=\/wp\/v2\/users\/3"}],"replies":[{"embeddable":true,"href":"https:\/\/www.igbce-blogs.de\/aufgeweckte-alte\/index.php?rest_route=%2Fwp%2Fv2%2Fcomments&post=2291"}],"version-history":[{"count":65,"href":"https:\/\/www.igbce-blogs.de\/aufgeweckte-alte\/index.php?rest_route=\/wp\/v2\/pages\/2291\/revisions"}],"predecessor-version":[{"id":4436,"href":"https:\/\/www.igbce-blogs.de\/aufgeweckte-alte\/index.php?rest_route=\/wp\/v2\/pages\/2291\/revisions\/4436"}],"up":[{"embeddable":true,"href":"https:\/\/www.igbce-blogs.de\/aufgeweckte-alte\/index.php?rest_route=\/wp\/v2\/pages\/2112"}],"wp:attachment":[{"href":"https:\/\/www.igbce-blogs.de\/aufgeweckte-alte\/index.php?rest_route=%2Fwp%2Fv2%2Fmedia&parent=2291"}],"curies":[{"name":"wp","href":"https:\/\/api.w.org\/{rel}","templated":true}]}}