{"id":14970,"date":"2022-03-30T17:16:37","date_gmt":"2022-03-30T15:16:37","guid":{"rendered":"https:\/\/www.igbce-blogs.de\/aufgeweckte-alte\/?page_id=14970"},"modified":"2026-03-27T12:52:37","modified_gmt":"2026-03-27T10:52:37","slug":"2022-wir-leben-noch-und-machen-munter-weiter","status":"publish","type":"page","link":"https:\/\/www.igbce-blogs.de\/aufgeweckte-alte\/?page_id=14970","title":{"rendered":"2022 \u2013 Es gibt uns noch, wir machen weiter!"},"content":{"rendered":"<h2 style=\"text-align: left;\"><span style=\"color: #0000ff;\"><strong><u>Ausblick auf das Jahresprogramm 2022 <\/u><\/strong><\/span><\/h2>\n<h3 style=\"text-align: left;\"><span style=\"color: #0000ff;\"><strong><em>Mit der Themenauswahl f\u00fcr die <span style=\"color: #0000ff;\">genannten Monate!<\/span><\/em><\/strong><\/span><\/h3>\n<h2 style=\"text-align: left;\"><a href=\"http:\/\/www.igbce-blogs.de:80\/aufgeweckte-alte\/wp-content\/uploads\/\/2020\/01\/2020-04-08-ENTWURF-2_CORONA-VIRUS-Hallo-Aufgeweckte-Alte.pdf\"><strong><span style=\"color: #bf2a2a;\">CORONA-VIRUS Hallo Aufgeweckte Alte<\/span><\/strong><\/a><\/h2>\n<h2 style=\"text-align: left;\"><span style=\"color: #000000;\"><strong>Einladung zum JAHRESPROGRAMM 2022<\/strong><\/span><\/h2>\n<h4 style=\"text-align: left;\"><span style=\"color: #000000;\"><em><strong>\u201eAufgeweckte Alte\u201c, Kolleginnen und Kollegen!<\/strong><\/em><\/span><\/h4>\n<h4 style=\"text-align: left;\"><span style=\"color: #000000;\"><em><strong>Unser erstes Treffen am 9. M\u00e4rz, zu unserem Fr\u00fchlings-\/Kreppelkaffee im Pfarrheim <\/strong><strong>St. Josef<br \/>\nin Ffm-H\u00f6chst,<\/strong><strong> fand auch diesmal regen Zuspruch.<\/strong><\/em><\/span><\/h4>\n<h4 style=\"text-align: left;\"><span style=\"color: #000000;\">Mit Zuversicht und erneuertem Programm vom zweiten CORONA-Jahr gehen wir an unser Vorhaben. Wenn die Entwicklung es zul\u00e4sst, wollen wir im Mai beginnen mit einem TAGESAUSFLUG: Besuch der <strong><em>Br\u00fcder-Grimm-Stadt Steinau an der Stra\u00dfe<\/em>.<\/strong><\/span><\/h4>\n<h4 style=\"text-align: left;\"><span style=\"color: #000000;\"><strong><em>Die weiteren und hoffentlich interessanten Angebote f\u00fcr Euch!<\/em><\/strong><\/span><\/h4>\n<h3 style=\"text-align: left;\"><span style=\"color: #000000;\"><a href=\"http:\/\/www.igbce-blogs.de:80\/aufgeweckte-alte\/wp-content\/uploads\/\/2022\/03\/Jahresprogramm-2022-der-Aufgeweckten-Alten_Projekt1.png\"><img loading=\"lazy\" decoding=\"async\" class=\"wp-image-15045 size-full alignnone\" src=\"http:\/\/www.igbce-blogs.de:80\/aufgeweckte-alte\/wp-content\/uploads\/\/2022\/03\/Jahresprogramm-2022-der-Aufgeweckten-Alten_Projekt1.png\" alt=\"\" width=\"714\" height=\"1010\"\/><\/a><\/span><\/h3>\n<h3><span style=\"color: #993300;\"><strong>Zum Download in das&nbsp; Bild klicken!!!<br \/>\n<\/strong><\/span><\/h3>\n<h4><span style=\"color: #008080;\"><strong>Punkt [6] Wetzlar &#8211; Oktober mu\u00df leider ausfallen !!!<br \/>\n========================================<\/strong><\/span><\/h4>\n<p>&nbsp;<\/p>\n<h4><span style=\"color: #000000;\"><strong>[ 2 ] <\/strong><strong>18. MAI&nbsp;<\/strong> &#8222;<strong>STEINAU an der Stra\u00dfe&#8220;<\/strong><\/span><br \/>\n<span style=\"color: #000000;\"><strong>LINK zur WEBSEITE: <\/strong><\/span><a href=\"https:\/\/www.igbce-blogs.de\/aufgeweckte-alte\/?page_id=16007\"><strong>Hier klicken!!! <\/strong><\/a><br \/>\n<span style=\"color: #000000;\"><em><strong>Zu den FOTOs: <\/strong><\/em><\/span><a href=\"https:\/\/www.igbce-blogs.de\/aufgeweckte-alte\/?p=15585\"><strong><em>Hier klicken!!!<\/em><\/strong><\/a>&nbsp;<\/h4>\n<h4>&nbsp;<\/h4>\n<h4><span style=\"color: #000000;\"><strong>[ 3 ] 06. Juli &#8222;Pol. Bonn und die ROSENAU&#8220;<br \/>\n<\/strong><strong>LINK zur WEBSEITE: <\/strong><\/span><a href=\"https:\/\/www.igbce-blogs.de\/aufgeweckte-alte\/?page_id=16015\"><strong>Hier klicken!!! <\/strong><\/a><br \/>\n<span style=\"color: #000000;\"><em><strong>Zu den FOTOs: <\/strong><\/em><\/span><a href=\"https:\/\/www.igbce-blogs.de\/aufgeweckte-alte\/?p=15648\"><strong><em>Hier klicken!!!<\/em><\/strong><\/a>&nbsp;<\/h4>\n<h4>&nbsp;<\/h4>\n<h4><strong><span style=\"color: #000000;\"> [ 4 ] 18.-22. September &#8222;MARIENBAD mit PRAG<\/span>&#8220;<br \/>\n<\/strong><span style=\"color: #000000;\"><strong>LINK zur WEBSEITE: <\/strong><\/span><a href=\"https:\/\/www.igbce-blogs.de\/aufgeweckte-alte\/?page_id=16019\"><strong>Hier klicken!!! <\/strong><\/a><br \/>\n<span style=\"color: #000000;\"><em><strong>Zu den FOTOs: <\/strong><\/em><\/span><a href=\"https:\/\/www.igbce-blogs.de\/aufgeweckte-alte\/?p=16324\"><strong><em>Hier klicken!!!<\/em><\/strong><\/a><\/h4>\n<p>&nbsp;<\/p>\n<h4><span style=\"color: #0000ff;\"><strong><em>Herzliche Gr\u00fc\u00dfe und Gesundheit<\/em><\/strong><strong><em><br \/>\ndie \u201eAufgeweckten Alten\u201c<br \/>\n<\/em><\/strong><\/span><span style=\"color: #0000ff;\"><strong><em>Peter &#8211; W<span style=\"color: #0000ff;\">EBLO<\/span>G<\/em><\/strong><\/span><\/h4>\n<p>&nbsp;<\/p>\n<h3><span style=\"color: #000000;\">Zur<\/span> <a title=\"NEUES mit Tagesfahrten &amp; Bodensee!\" href=\"https:\/\/www.igbce-blogs.de\/aufgeweckte-alte\/?page_id=13802\" target=\"_blank\" rel=\"noopener\">\u00dcbersicht 2021<\/a><\/h3>\n<h3><span style=\"color: #000000;\">Zur<\/span> <a href=\"https:\/\/www.igbce-blogs.de\/aufgeweckte-alte\/\" target=\"_blank\" rel=\"noopener\">Startseite<\/a><\/h3>\nRelated Images:","protected":false},"excerpt":{"rendered":"<p>Ausblick auf das Jahresprogramm 2022 Mit der Themenauswahl f\u00fcr die genannten Monate! CORONA-VIRUS Hallo Aufgeweckte Alte Einladung zum JAHRESPROGRAMM 2022 \u201eAufgeweckte Alte\u201c, Kolleginnen und Kollegen! Unser erstes Treffen am 9. M\u00e4rz, zu unserem Fr\u00fchlings-\/Kreppelkaffee im Pfarrheim St. Josef in Ffm-H\u00f6chst, fand auch diesmal regen Zuspruch. Mit Zuversicht und erneuertem Programm vom zweiten CORONA-Jahr gehen wir [&hellip;]<\/p>\n","protected":false},"author":3,"featured_media":0,"parent":0,"menu_order":9982,"comment_status":"closed","ping_status":"closed","template":"tagcloud.php","meta":{"ngg_post_thumbnail":0,"footnotes":""},"class_list":["post-14970","page","type-page","status-publish","hentry"],"_links":{"self":[{"href":"https:\/\/www.igbce-blogs.de\/aufgeweckte-alte\/index.php?rest_route=\/wp\/v2\/pages\/14970","targetHints":{"allow":["GET"]}}],"collection":[{"href":"https:\/\/www.igbce-blogs.de\/aufgeweckte-alte\/index.php?rest_route=\/wp\/v2\/pages"}],"about":[{"href":"https:\/\/www.igbce-blogs.de\/aufgeweckte-alte\/index.php?rest_route=\/wp\/v2\/types\/page"}],"author":[{"embeddable":true,"href":"https:\/\/www.igbce-blogs.de\/aufgeweckte-alte\/index.php?rest_route=\/wp\/v2\/users\/3"}],"replies":[{"embeddable":true,"href":"https:\/\/www.igbce-blogs.de\/aufgeweckte-alte\/index.php?rest_route=%2Fwp%2Fv2%2Fcomments&post=14970"}],"version-history":[{"count":30,"href":"https:\/\/www.igbce-blogs.de\/aufgeweckte-alte\/index.php?rest_route=\/wp\/v2\/pages\/14970\/revisions"}],"predecessor-version":[{"id":22192,"href":"https:\/\/www.igbce-blogs.de\/aufgeweckte-alte\/index.php?rest_route=\/wp\/v2\/pages\/14970\/revisions\/22192"}],"wp:attachment":[{"href":"https:\/\/www.igbce-blogs.de\/aufgeweckte-alte\/index.php?rest_route=%2Fwp%2Fv2%2Fmedia&parent=14970"}],"curies":[{"name":"wp","href":"https:\/\/api.w.org\/{rel}","templated":true}]}}