{"id":12813,"date":"2019-05-13T14:48:10","date_gmt":"2019-05-13T12:48:10","guid":{"rendered":"https:\/\/www.igbce-blogs.de\/aufgeweckte-alte\/?page_id=12813"},"modified":"2019-09-20T18:37:51","modified_gmt":"2019-09-20T16:37:51","slug":"3-tagefahrt-an-die-mosel-mit-luxemburg","status":"publish","type":"page","link":"https:\/\/www.igbce-blogs.de\/aufgeweckte-alte\/?page_id=12813","title":{"rendered":"3-Tagefahrt an die Mosel mit Luxemburg"},"content":{"rendered":"<h2><span style=\"color: #008000;\"><em>Erlebnisfahrt an die Mosel mit Luxemburg, Echternach und Bernkastel (kleine Schiffstour)<br \/>\n<\/em><\/span><\/h2>\n<p>Hallo \u201eAufgeweckte Alte\u201c, Kolleginnen und Kollegen,<\/p>\n<p>wir hatten uns f\u00fcr die Mehrtagesfahrt im Jahr 2019 etwas Besonderes ausgedacht.<\/p>\n<p>Wir fuhren vom Freitag, den 13. bis Sonntag, den 15. September 2019. Die Abfahrt war am Bahnhof-H\u00f6chst um 09:00 Uhr. Es ging \u00fcber <strong>Bad Kreuznach, Herrstein und den Hunsr\u00fcck nach Veldenz an der Mosel<\/strong>, wo uns ein <strong>deftiger Winzerabend<\/strong> erwartete. Am zweiten Tag f\u00fchrte uns eine <strong>Erlebnistour ins Gro\u00dfherzogtum Luxemburg<\/strong>. Dann am dritten Tag,<br \/>\nging es gut gefr\u00fchst\u00fcckt <strong>nach Bernkastel, f\u00fcr eine Stadtf\u00fchrung und im Anschlu\u00df daran hatten wir eine Stunde Moselgenu\u00df auf dem Schiff<\/strong>. Weiter ging es nach <strong>Zell an der Mosel zur \u201eZeller schwarzen Katz\u201c.<\/strong> Gegen 14:00 Uhr traten wir dann die Heimreise&nbsp;an. Durch ein sch\u00f6nes Seitental der Mosel, wieder \u00fcber den Hunsr\u00fcck, an Kappeln, Kirchberg und Simmern vorbei \u00fcber die Autobahn ins Rhein-Main-Gebiet nach Ffm-H\u00f6chst.<\/p>\n<p>Wir rechneten zwar mit einem gro\u00dfem Interesse an der Fahrt, aber der Bus mit 56 Personen war fast voll.<br \/>\nAu\u00dferdem hatten wir drei Tage Kaiserwetter, nicht zu hei\u00df und nicht zu k\u00fchl.<\/p>\n<h4><span style=\"color: #000000;\"><strong><em>Wir freuten uns auf interessante Tage<br \/>\nund hatten eine tolle Gruppe,<br \/>\ndie \u201eAufgeweckten Alten\u201c<\/em><\/strong><\/span><\/h4>\n<h4><span style=\"color: #000000;\"><strong><em><a href=\"http:\/\/www.igbce-blogs.de:80\/aufgeweckte-alte\/wp-content\/uploads\/\/2019\/05\/MOSELTAGE-mit-LUXEMBURG-Sept-2019-1-e1557752981694.png\"><img loading=\"lazy\" decoding=\"async\" class=\"alignleft size-full wp-image-12825\" src=\"http:\/\/www.igbce-blogs.de:80\/aufgeweckte-alte\/wp-content\/uploads\/\/2019\/05\/MOSELTAGE-mit-LUXEMBURG-Sept-2019-1-e1557752981694.png\" alt=\"\" width=\"480\" height=\"693\"\/><\/a><\/em><\/strong><\/span><a href=\"http:\/\/www.igbce-blogs.de:80\/aufgeweckte-alte\/wp-content\/uploads\/\/2019\/05\/MOSELTAGE-mit-LUXEMBURG-Sept-2019-2-e1557753084629.png\"><img loading=\"lazy\" decoding=\"async\" class=\"alignleft size-full wp-image-12826\" src=\"http:\/\/www.igbce-blogs.de:80\/aufgeweckte-alte\/wp-content\/uploads\/\/2019\/05\/MOSELTAGE-mit-LUXEMBURG-Sept-2019-2-e1557753084629.png\" alt=\"\" width=\"480\" height=\"693\"\/><\/a><\/h4>\n<h4>&nbsp;<\/h4>\n<h4>&nbsp;<\/h4>\nRelated Images:","protected":false},"excerpt":{"rendered":"<p>Erlebnisfahrt an die Mosel mit Luxemburg, Echternach und Bernkastel (kleine Schiffstour) Hallo \u201eAufgeweckte Alte\u201c, Kolleginnen und Kollegen, wir hatten uns f\u00fcr die Mehrtagesfahrt im Jahr 2019 etwas Besonderes ausgedacht. Wir fuhren vom Freitag, den 13. bis Sonntag, den 15. September 2019. Die Abfahrt war am Bahnhof-H\u00f6chst um 09:00 Uhr. Es ging \u00fcber Bad Kreuznach, Herrstein [&hellip;]<\/p>\n","protected":false},"author":3,"featured_media":0,"parent":12412,"menu_order":5,"comment_status":"closed","ping_status":"closed","template":"tagcloud.php","meta":{"ngg_post_thumbnail":0,"footnotes":""},"class_list":["post-12813","page","type-page","status-publish","hentry"],"_links":{"self":[{"href":"https:\/\/www.igbce-blogs.de\/aufgeweckte-alte\/index.php?rest_route=\/wp\/v2\/pages\/12813","targetHints":{"allow":["GET"]}}],"collection":[{"href":"https:\/\/www.igbce-blogs.de\/aufgeweckte-alte\/index.php?rest_route=\/wp\/v2\/pages"}],"about":[{"href":"https:\/\/www.igbce-blogs.de\/aufgeweckte-alte\/index.php?rest_route=\/wp\/v2\/types\/page"}],"author":[{"embeddable":true,"href":"https:\/\/www.igbce-blogs.de\/aufgeweckte-alte\/index.php?rest_route=\/wp\/v2\/users\/3"}],"replies":[{"embeddable":true,"href":"https:\/\/www.igbce-blogs.de\/aufgeweckte-alte\/index.php?rest_route=%2Fwp%2Fv2%2Fcomments&post=12813"}],"version-history":[{"count":13,"href":"https:\/\/www.igbce-blogs.de\/aufgeweckte-alte\/index.php?rest_route=\/wp\/v2\/pages\/12813\/revisions"}],"predecessor-version":[{"id":13159,"href":"https:\/\/www.igbce-blogs.de\/aufgeweckte-alte\/index.php?rest_route=\/wp\/v2\/pages\/12813\/revisions\/13159"}],"up":[{"embeddable":true,"href":"https:\/\/www.igbce-blogs.de\/aufgeweckte-alte\/index.php?rest_route=\/wp\/v2\/pages\/12412"}],"wp:attachment":[{"href":"https:\/\/www.igbce-blogs.de\/aufgeweckte-alte\/index.php?rest_route=%2Fwp%2Fv2%2Fmedia&parent=12813"}],"curies":[{"name":"wp","href":"https:\/\/api.w.org\/{rel}","templated":true}]}}